{"id":732,"date":"2025-02-18T21:20:56","date_gmt":"2025-02-18T18:20:56","guid":{"rendered":"https:\/\/www.facesurgerist.com\/?page_id=732"},"modified":"2025-03-23T09:02:21","modified_gmt":"2025-03-23T06:02:21","slug":"one-cikan","status":"publish","type":"page","link":"https:\/\/www.facesurgerist.com\/goz-kapagi\/one-cikan\/","title":{"rendered":"DE\u011eERL\u0130 MESLEKTA\u015eLARIMIZ"},"content":{"rendered":"\n<p><strong>DE\u011eERL\u0130 MESLEKTA\u015eLARIMIZ,<\/strong><\/p>\n\n\n\n<p>31 May\u0131s-1 Haziran tarihlerinde d\u00fczenleyece\u011fimiz, G\u00f6z Esteti\u011fi toplant\u0131m\u0131za davetlisiniz. CANLI cerrahiler ile merak etti\u011finiz t\u00fcm detaylar\u0131 \u00f6\u011frenebilece\u011finiz, \u00e7ok detayl\u0131 konu ba\u015fl\u0131klar\u0131 ve titizlikle haz\u0131rlanm\u0131\u015f g\u00f6rsel dok\u00fcmanlar sayesinde, s\u00fcre k\u0131s\u0131tlamas\u0131 olmayan \u00f6\u011fretici panel oturumlar\u0131yla G\u00d6Z KAPA\u011eI ESTET\u0130\u011e\u0130NDEK\u0130 t\u00fcm g\u00fcncel konular\u0131n tart\u0131\u015f\u0131laca\u011f\u0131 \u2018\u2019 KBB\u2018de Estetik Bulu\u015fmalar 7 \u2019\u2019 toplant\u0131s\u0131 \u00a0i\u00e7in biz \u00e7ok heyecanl\u0131y\u0131z! Her zaman oldu\u011fu gibi temel yakla\u015f\u0131m\u0131m\u0131z, Sadece k\u00fcrs\u00fcdekilerin de\u011fil salondaki herkesin interaktif kat\u0131l\u0131m\u0131 ile monolog de\u011fil multi diyalog bir dilin hakim olaca\u011f\u0131 dopdolu bir e\u011fitim serisi ile kar\u015f\u0131n\u0131zda olmak.<\/p>\n\n\n\n<p>Daha \u00f6nce \u2018\u2019 Burnun estetik bulu\u015fmalar\u0131\u2019\u2019 ad\u0131 alt\u0131nda d\u00fczenledi\u011fimiz 6 farkl\u0131 toplant\u0131m\u0131z sizlerin de takdiriyle \u201cbilgi \u015f\u00f6lenleri\u201d \u015feklinde ge\u00e7mi\u015fti. \u0130nan\u0131yoruz ki, edindi\u011fimiz tecr\u00fcbe ile bu toplant\u0131 daha da g\u00fczel ge\u00e7ecek ve&nbsp;\u2018\u2019KBB\u2018de Estetik Bulu\u015fmalar\u2018\u2019&nbsp;y\u0131llar i\u00e7inde gelenekle\u015fen ve her y\u0131l daha da g\u00fc\u00e7lenen bir \u201cbilimsel bulu\u015fma\u201d&nbsp;olacak\u2026<\/p>\n\n\n\n<p class=\"has-small-font-size\"><strong>DR. G\u00dcRKAN KAYABA\u015eO\u011eLU &#8211; DR. O\u011eUZHAN O\u011eUZ<\/strong><\/p>\n\n\n\n<p><\/p>\n","protected":false},"excerpt":{"rendered":"<p>DE\u011eERL\u0130 MESLEKTA\u015eLARIMIZ, 31 May\u0131s-1 Haziran tarihlerinde d\u00fczenleyece\u011fimiz, G\u00f6z Esteti\u011fi toplant\u0131m\u0131za davetlisiniz. CANLI cerrahiler ile merak etti\u011finiz t\u00fcm detaylar\u0131 \u00f6\u011frenebilece\u011finiz, \u00e7ok detayl\u0131 konu ba\u015fl\u0131klar\u0131 ve titizlikle haz\u0131rlanm\u0131\u015f g\u00f6rsel dok\u00fcmanlar sayesinde, s\u00fcre k\u0131s\u0131tlamas\u0131 olmayan \u00f6\u011fretici panel oturumlar\u0131yla G\u00d6Z KAPA\u011eI ESTET\u0130\u011e\u0130NDEK\u0130 t\u00fcm g\u00fcncel konular\u0131n tart\u0131\u015f\u0131laca\u011f\u0131 \u2018\u2019 KBB\u2018de Estetik Bulu\u015fmalar 7 \u2019\u2019 toplant\u0131s\u0131 \u00a0i\u00e7in biz \u00e7ok heyecanl\u0131y\u0131z! Her zaman &hellip; <\/p>\n","protected":false},"author":1,"featured_media":1039,"parent":0,"menu_order":0,"comment_status":"closed","ping_status":"closed","template":"","meta":{"footnotes":""},"class_list":["post-732","page","type-page","status-publish","has-post-thumbnail","hentry"],"yoast_head":"<!-- This site is optimized with the Yoast SEO plugin v27.2 - https:\/\/yoast.com\/product\/yoast-seo-wordpress\/ -->\n<title>DE\u011eERL\u0130 MESLEKTA\u015eLARIMIZ | 31 May\u0131s-1 Haziran G\u00f6z Kapa\u011f\u0131 Esteti\u011fi Toplant\u0131s\u0131 - Facesurgerist<\/title>\n<meta name=\"robots\" content=\"noindex, follow\" \/>\n<meta property=\"og:locale\" content=\"tr_TR\" \/>\n<meta property=\"og:type\" content=\"article\" \/>\n<meta property=\"og:title\" content=\"DE\u011eERL\u0130 MESLEKTA\u015eLARIMIZ | 31 May\u0131s-1 Haziran G\u00f6z Kapa\u011f\u0131 Esteti\u011fi Toplant\u0131s\u0131 - Facesurgerist\" \/>\n<meta property=\"og:description\" content=\"DE\u011eERL\u0130 MESLEKTA\u015eLARIMIZ, 31 May\u0131s-1 Haziran tarihlerinde d\u00fczenleyece\u011fimiz, G\u00f6z Esteti\u011fi toplant\u0131m\u0131za davetlisiniz. CANLI cerrahiler ile merak etti\u011finiz t\u00fcm detaylar\u0131 \u00f6\u011frenebilece\u011finiz, \u00e7ok detayl\u0131 konu ba\u015fl\u0131klar\u0131 ve titizlikle haz\u0131rlanm\u0131\u015f g\u00f6rsel dok\u00fcmanlar sayesinde, s\u00fcre k\u0131s\u0131tlamas\u0131 olmayan \u00f6\u011fretici panel oturumlar\u0131yla G\u00d6Z KAPA\u011eI ESTET\u0130\u011e\u0130NDEK\u0130 t\u00fcm g\u00fcncel konular\u0131n tart\u0131\u015f\u0131laca\u011f\u0131 \u2018\u2019 KBB\u2018de Estetik Bulu\u015fmalar 7 \u2019\u2019 toplant\u0131s\u0131 \u00a0i\u00e7in biz \u00e7ok heyecanl\u0131y\u0131z! Her zaman &hellip;\" \/>\n<meta property=\"og:url\" content=\"https:\/\/www.facesurgerist.com\/goz-kapagi\/one-cikan\/\" \/>\n<meta property=\"og:site_name\" content=\"31 May\u0131s-1 Haziran G\u00f6z Kapa\u011f\u0131 Esteti\u011fi Toplant\u0131s\u0131 - Facesurgerist\" \/>\n<meta property=\"article:modified_time\" content=\"2025-03-23T06:02:21+00:00\" \/>\n<meta property=\"og:image\" content=\"https:\/\/www.facesurgerist.com\/goz-kapagi\/wp-content\/uploads\/2025\/02\/dr-oguzhan-oguz-dr-gurkan-kayabasoglu.jpg\" \/>\n\t<meta property=\"og:image:width\" content=\"1200\" \/>\n\t<meta property=\"og:image:height\" content=\"1600\" \/>\n\t<meta property=\"og:image:type\" content=\"image\/jpeg\" \/>\n<meta name=\"twitter:card\" content=\"summary_large_image\" \/>\n<meta name=\"twitter:label1\" content=\"Tahmini okuma s\u00fcresi\" \/>\n\t<meta name=\"twitter:data1\" content=\"1 dakika\" \/>\n<script type=\"application\/ld+json\" class=\"yoast-schema-graph\">{\"@context\":\"https:\/\/schema.org\",\"@graph\":[{\"@type\":\"WebPage\",\"@id\":\"https:\/\/www.facesurgerist.com\/goz-kapagi\/one-cikan\/\",\"url\":\"https:\/\/www.facesurgerist.com\/goz-kapagi\/one-cikan\/\",\"name\":\"DE\u011eERL\u0130 MESLEKTA\u015eLARIMIZ | 31 May\u0131s-1 Haziran G\u00f6z Kapa\u011f\u0131 Esteti\u011fi Toplant\u0131s\u0131 - Facesurgerist\",\"isPartOf\":{\"@id\":\"https:\/\/www.facesurgerist.com\/goz-kapagi\/#website\"},\"primaryImageOfPage\":{\"@id\":\"https:\/\/www.facesurgerist.com\/goz-kapagi\/one-cikan\/#primaryimage\"},\"image\":{\"@id\":\"https:\/\/www.facesurgerist.com\/goz-kapagi\/one-cikan\/#primaryimage\"},\"thumbnailUrl\":\"https:\/\/www.facesurgerist.com\/goz-kapagi\/wp-content\/uploads\/2025\/02\/dr-oguzhan-oguz-dr-gurkan-kayabasoglu.jpg\",\"datePublished\":\"2025-02-18T18:20:56+00:00\",\"dateModified\":\"2025-03-23T06:02:21+00:00\",\"breadcrumb\":{\"@id\":\"https:\/\/www.facesurgerist.com\/goz-kapagi\/one-cikan\/#breadcrumb\"},\"inLanguage\":\"tr\",\"potentialAction\":[{\"@type\":\"ReadAction\",\"target\":[\"https:\/\/www.facesurgerist.com\/goz-kapagi\/one-cikan\/\"]}]},{\"@type\":\"ImageObject\",\"inLanguage\":\"tr\",\"@id\":\"https:\/\/www.facesurgerist.com\/goz-kapagi\/one-cikan\/#primaryimage\",\"url\":\"https:\/\/www.facesurgerist.com\/goz-kapagi\/wp-content\/uploads\/2025\/02\/dr-oguzhan-oguz-dr-gurkan-kayabasoglu.jpg\",\"contentUrl\":\"https:\/\/www.facesurgerist.com\/goz-kapagi\/wp-content\/uploads\/2025\/02\/dr-oguzhan-oguz-dr-gurkan-kayabasoglu.jpg\",\"width\":1200,\"height\":1600,\"caption\":\"Dr. O\u011fuzhan O\u011fuz ve Dr. G\u00fcrkan Kayaba\u015fo\u011flu\"},{\"@type\":\"BreadcrumbList\",\"@id\":\"https:\/\/www.facesurgerist.com\/goz-kapagi\/one-cikan\/#breadcrumb\",\"itemListElement\":[{\"@type\":\"ListItem\",\"position\":1,\"name\":\"Anasayfa\",\"item\":\"https:\/\/www.facesurgerist.com\/goz-kapagi\/\"},{\"@type\":\"ListItem\",\"position\":2,\"name\":\"DE\u011eERL\u0130 MESLEKTA\u015eLARIMIZ\"}]},{\"@type\":\"WebSite\",\"@id\":\"https:\/\/www.facesurgerist.com\/goz-kapagi\/#website\",\"url\":\"https:\/\/www.facesurgerist.com\/goz-kapagi\/\",\"name\":\"Facesurgerist\",\"description\":\"\",\"publisher\":{\"@id\":\"https:\/\/www.facesurgerist.com\/goz-kapagi\/#organization\"},\"potentialAction\":[{\"@type\":\"SearchAction\",\"target\":{\"@type\":\"EntryPoint\",\"urlTemplate\":\"https:\/\/www.facesurgerist.com\/goz-kapagi\/?s={search_term_string}\"},\"query-input\":{\"@type\":\"PropertyValueSpecification\",\"valueRequired\":true,\"valueName\":\"search_term_string\"}}],\"inLanguage\":\"tr\"},{\"@type\":\"Organization\",\"@id\":\"https:\/\/www.facesurgerist.com\/goz-kapagi\/#organization\",\"name\":\"Facesurgerist\",\"url\":\"https:\/\/www.facesurgerist.com\/goz-kapagi\/\",\"logo\":{\"@type\":\"ImageObject\",\"inLanguage\":\"tr\",\"@id\":\"https:\/\/www.facesurgerist.com\/goz-kapagi\/#\/schema\/logo\/image\/\",\"url\":\"https:\/\/www.facesurgerist.com\/goz-kapagi\/wp-content\/uploads\/2025\/02\/facesurgeristlogo1.png\",\"contentUrl\":\"https:\/\/www.facesurgerist.com\/goz-kapagi\/wp-content\/uploads\/2025\/02\/facesurgeristlogo1.png\",\"width\":242,\"height\":80,\"caption\":\"Facesurgerist\"},\"image\":{\"@id\":\"https:\/\/www.facesurgerist.com\/goz-kapagi\/#\/schema\/logo\/image\/\"}}]}<\/script>\n<!-- \/ Yoast SEO plugin. -->","yoast_head_json":{"title":"DE\u011eERL\u0130 MESLEKTA\u015eLARIMIZ | 31 May\u0131s-1 Haziran G\u00f6z Kapa\u011f\u0131 Esteti\u011fi Toplant\u0131s\u0131 - Facesurgerist","robots":{"index":"noindex","follow":"follow"},"og_locale":"tr_TR","og_type":"article","og_title":"DE\u011eERL\u0130 MESLEKTA\u015eLARIMIZ | 31 May\u0131s-1 Haziran G\u00f6z Kapa\u011f\u0131 Esteti\u011fi Toplant\u0131s\u0131 - Facesurgerist","og_description":"DE\u011eERL\u0130 MESLEKTA\u015eLARIMIZ, 31 May\u0131s-1 Haziran tarihlerinde d\u00fczenleyece\u011fimiz, G\u00f6z Esteti\u011fi toplant\u0131m\u0131za davetlisiniz. CANLI cerrahiler ile merak etti\u011finiz t\u00fcm detaylar\u0131 \u00f6\u011frenebilece\u011finiz, \u00e7ok detayl\u0131 konu ba\u015fl\u0131klar\u0131 ve titizlikle haz\u0131rlanm\u0131\u015f g\u00f6rsel dok\u00fcmanlar sayesinde, s\u00fcre k\u0131s\u0131tlamas\u0131 olmayan \u00f6\u011fretici panel oturumlar\u0131yla G\u00d6Z KAPA\u011eI ESTET\u0130\u011e\u0130NDEK\u0130 t\u00fcm g\u00fcncel konular\u0131n tart\u0131\u015f\u0131laca\u011f\u0131 \u2018\u2019 KBB\u2018de Estetik Bulu\u015fmalar 7 \u2019\u2019 toplant\u0131s\u0131 \u00a0i\u00e7in biz \u00e7ok heyecanl\u0131y\u0131z! Her zaman &hellip;","og_url":"https:\/\/www.facesurgerist.com\/goz-kapagi\/one-cikan\/","og_site_name":"31 May\u0131s-1 Haziran G\u00f6z Kapa\u011f\u0131 Esteti\u011fi Toplant\u0131s\u0131 - Facesurgerist","article_modified_time":"2025-03-23T06:02:21+00:00","og_image":[{"width":1200,"height":1600,"url":"https:\/\/www.facesurgerist.com\/goz-kapagi\/wp-content\/uploads\/2025\/02\/dr-oguzhan-oguz-dr-gurkan-kayabasoglu.jpg","type":"image\/jpeg"}],"twitter_card":"summary_large_image","twitter_misc":{"Tahmini okuma s\u00fcresi":"1 dakika"},"schema":{"@context":"https:\/\/schema.org","@graph":[{"@type":"WebPage","@id":"https:\/\/www.facesurgerist.com\/goz-kapagi\/one-cikan\/","url":"https:\/\/www.facesurgerist.com\/goz-kapagi\/one-cikan\/","name":"DE\u011eERL\u0130 MESLEKTA\u015eLARIMIZ | 31 May\u0131s-1 Haziran G\u00f6z Kapa\u011f\u0131 Esteti\u011fi Toplant\u0131s\u0131 - Facesurgerist","isPartOf":{"@id":"https:\/\/www.facesurgerist.com\/goz-kapagi\/#website"},"primaryImageOfPage":{"@id":"https:\/\/www.facesurgerist.com\/goz-kapagi\/one-cikan\/#primaryimage"},"image":{"@id":"https:\/\/www.facesurgerist.com\/goz-kapagi\/one-cikan\/#primaryimage"},"thumbnailUrl":"https:\/\/www.facesurgerist.com\/goz-kapagi\/wp-content\/uploads\/2025\/02\/dr-oguzhan-oguz-dr-gurkan-kayabasoglu.jpg","datePublished":"2025-02-18T18:20:56+00:00","dateModified":"2025-03-23T06:02:21+00:00","breadcrumb":{"@id":"https:\/\/www.facesurgerist.com\/goz-kapagi\/one-cikan\/#breadcrumb"},"inLanguage":"tr","potentialAction":[{"@type":"ReadAction","target":["https:\/\/www.facesurgerist.com\/goz-kapagi\/one-cikan\/"]}]},{"@type":"ImageObject","inLanguage":"tr","@id":"https:\/\/www.facesurgerist.com\/goz-kapagi\/one-cikan\/#primaryimage","url":"https:\/\/www.facesurgerist.com\/goz-kapagi\/wp-content\/uploads\/2025\/02\/dr-oguzhan-oguz-dr-gurkan-kayabasoglu.jpg","contentUrl":"https:\/\/www.facesurgerist.com\/goz-kapagi\/wp-content\/uploads\/2025\/02\/dr-oguzhan-oguz-dr-gurkan-kayabasoglu.jpg","width":1200,"height":1600,"caption":"Dr. O\u011fuzhan O\u011fuz ve Dr. G\u00fcrkan Kayaba\u015fo\u011flu"},{"@type":"BreadcrumbList","@id":"https:\/\/www.facesurgerist.com\/goz-kapagi\/one-cikan\/#breadcrumb","itemListElement":[{"@type":"ListItem","position":1,"name":"Anasayfa","item":"https:\/\/www.facesurgerist.com\/goz-kapagi\/"},{"@type":"ListItem","position":2,"name":"DE\u011eERL\u0130 MESLEKTA\u015eLARIMIZ"}]},{"@type":"WebSite","@id":"https:\/\/www.facesurgerist.com\/goz-kapagi\/#website","url":"https:\/\/www.facesurgerist.com\/goz-kapagi\/","name":"Facesurgerist","description":"","publisher":{"@id":"https:\/\/www.facesurgerist.com\/goz-kapagi\/#organization"},"potentialAction":[{"@type":"SearchAction","target":{"@type":"EntryPoint","urlTemplate":"https:\/\/www.facesurgerist.com\/goz-kapagi\/?s={search_term_string}"},"query-input":{"@type":"PropertyValueSpecification","valueRequired":true,"valueName":"search_term_string"}}],"inLanguage":"tr"},{"@type":"Organization","@id":"https:\/\/www.facesurgerist.com\/goz-kapagi\/#organization","name":"Facesurgerist","url":"https:\/\/www.facesurgerist.com\/goz-kapagi\/","logo":{"@type":"ImageObject","inLanguage":"tr","@id":"https:\/\/www.facesurgerist.com\/goz-kapagi\/#\/schema\/logo\/image\/","url":"https:\/\/www.facesurgerist.com\/goz-kapagi\/wp-content\/uploads\/2025\/02\/facesurgeristlogo1.png","contentUrl":"https:\/\/www.facesurgerist.com\/goz-kapagi\/wp-content\/uploads\/2025\/02\/facesurgeristlogo1.png","width":242,"height":80,"caption":"Facesurgerist"},"image":{"@id":"https:\/\/www.facesurgerist.com\/goz-kapagi\/#\/schema\/logo\/image\/"}}]}},"_links":{"self":[{"href":"https:\/\/www.facesurgerist.com\/goz-kapagi\/wp-json\/wp\/v2\/pages\/732","targetHints":{"allow":["GET"]}}],"collection":[{"href":"https:\/\/www.facesurgerist.com\/goz-kapagi\/wp-json\/wp\/v2\/pages"}],"about":[{"href":"https:\/\/www.facesurgerist.com\/goz-kapagi\/wp-json\/wp\/v2\/types\/page"}],"author":[{"embeddable":true,"href":"https:\/\/www.facesurgerist.com\/goz-kapagi\/wp-json\/wp\/v2\/users\/1"}],"replies":[{"embeddable":true,"href":"https:\/\/www.facesurgerist.com\/goz-kapagi\/wp-json\/wp\/v2\/comments?post=732"}],"version-history":[{"count":19,"href":"https:\/\/www.facesurgerist.com\/goz-kapagi\/wp-json\/wp\/v2\/pages\/732\/revisions"}],"predecessor-version":[{"id":1109,"href":"https:\/\/www.facesurgerist.com\/goz-kapagi\/wp-json\/wp\/v2\/pages\/732\/revisions\/1109"}],"wp:featuredmedia":[{"embeddable":true,"href":"https:\/\/www.facesurgerist.com\/goz-kapagi\/wp-json\/wp\/v2\/media\/1039"}],"wp:attachment":[{"href":"https:\/\/www.facesurgerist.com\/goz-kapagi\/wp-json\/wp\/v2\/media?parent=732"}],"curies":[{"name":"wp","href":"https:\/\/api.w.org\/{rel}","templated":true}]}}